{"id":3626,"date":"2025-03-22T12:09:58","date_gmt":"2025-03-22T11:09:58","guid":{"rendered":"https:\/\/editionsbarometre.fr\/index.php\/trek\/"},"modified":"2025-04-04T20:07:01","modified_gmt":"2025-04-04T18:07:01","slug":"trek","status":"publish","type":"page","link":"https:\/\/editionsbarometre.fr\/index.php\/trek\/","title":{"rendered":"Mod\u00e8le Pr\u00e9sentation livre"},"content":{"rendered":"\t\t<div data-elementor-type=\"wp-page\" data-elementor-id=\"3626\" class=\"elementor elementor-3626\" data-elementor-post-type=\"page\">\n\t\t\t\t\t\t<section class=\"elementor-section elementor-top-section elementor-element elementor-element-6aa22a88 elementor-section-full_width elementor-section-content-middle elementor-section-height-default elementor-section-height-default\" data-id=\"6aa22a88\" data-element_type=\"section\" data-e-type=\"section\">\n\t\t\t\t\t\t<div class=\"elementor-container elementor-column-gap-no\">\n\t\t\t\t\t<div class=\"elementor-column elementor-col-50 elementor-top-column elementor-element elementor-element-360b02fd\" data-id=\"360b02fd\" data-element_type=\"column\" data-e-type=\"column\">\n\t\t\t<div class=\"elementor-widget-wrap elementor-element-populated\">\n\t\t\t\t\t\t<div class=\"elementor-element elementor-element-57ecd59 elementor-widget elementor-widget-heading\" data-id=\"57ecd59\" data-element_type=\"widget\" data-e-type=\"widget\" data-widget_type=\"heading.default\">\n\t\t\t\t<div class=\"elementor-widget-container\">\n\t\t\t\t\t<h2 class=\"elementor-heading-title elementor-size-default\">Le Ciel de Lima<\/h2>\t\t\t\t<\/div>\n\t\t\t\t<\/div>\n\t\t\t\t<div class=\"elementor-element elementor-element-4e58702 elementor-widget elementor-widget-heading\" data-id=\"4e58702\" data-element_type=\"widget\" data-e-type=\"widget\" data-widget_type=\"heading.default\">\n\t\t\t\t<div class=\"elementor-widget-container\">\n\t\t\t\t\t<h4 class=\"elementor-heading-title elementor-size-default\">JUAN G\u00d3MEZ B\u00c1RCENA<\/h4>\t\t\t\t<\/div>\n\t\t\t\t<\/div>\n\t\t\t\t<div class=\"elementor-element elementor-element-4cb70446 elementor-widget elementor-widget-text-editor\" data-id=\"4cb70446\" data-element_type=\"widget\" data-e-type=\"widget\" data-widget_type=\"text-editor.default\">\n\t\t\t\t<div class=\"elementor-widget-container\">\n\t\t\t\t\t\t\t\t\t<h5>L&rsquo;histoire d&rsquo;une supercherie litt\u00e9raire<\/h5><p>Ce roman espagnol est construit sur la base d\u2019<strong>une anecdote originale survenue au po\u00e8te Juan Ram\u00f3n Jim\u00e9nez<\/strong>, prix Nobel de Litt\u00e9rature en 1956. Une intrigue qui se d\u00e9roule sur fond de crise sociale au P\u00e9rou.<\/p><div id=\"elementor-tab-content-2291\" class=\"elementor-tab-content elementor-clearfix elementor-active\" role=\"region\" data-tab=\"1\" aria-labelledby=\"elementor-tab-title-2291\"><h6>La supercherie comme fil rouge du roman<\/h6><p>Lima, 1904. Deux jeunes bourgeois \u00e9pris de litt\u00e9rature partagent la m\u00eame passion pour l\u2019\u00e9crivain Juan Ram\u00f3n Jim\u00e9nez. Frustr\u00e9s de ne pouvoir se procurer le dernier recueil du c\u00e9l\u00e8bre po\u00e8te espagnol,<strong> ils se d\u00e9cident \u00e0 lui \u00e9crire en se faisant passer pour une admiratrice du nom de Georgina H\u00fcbner<\/strong>. D\u2019un simple canular na\u00eetra une correspondance entre le futur prix Nobel de litt\u00e9rature et cette muse singuli\u00e8re. <strong>Histoire d\u2019une vaste supercherie<\/strong>, entre fresque historique et fantaisie litt\u00e9raire.<\/p><h6>Une peinture de la soci\u00e9t\u00e9 p\u00e9ruvienne, au d\u00e9but du XXe si\u00e8cle<\/h6><p>Inspir\u00e9 d\u2019une anecdote r\u00e9elle, le roman de Juan G\u00f3mez B\u00e1rcena nous plonge dans <strong>le quotidien tumultueux de la capitale p\u00e9ruvienne alors marqu\u00e9e par la crise, les gr\u00e8ves prol\u00e9tariennes et la r\u00e9pression polici\u00e8re.<\/strong> Au milieu de ce chaos, deux apprentis po\u00e8tes en qu\u00eate de reconnaissance cherchent pourtant leurs mots\u2026 Un r\u00e9cit plein d\u2019ironie dans lequel se dresse <strong>un subtil tableau de la soci\u00e9t\u00e9 lim\u00e9nienne du d\u00e9but du XX<sup>e<\/sup> si\u00e8cle.<\/strong><\/p><\/div>\t\t\t\t\t\t\t\t<\/div>\n\t\t\t\t<\/div>\n\t\t\t\t<div class=\"elementor-element elementor-element-c79f6ad elementor-widget elementor-widget-button\" data-id=\"c79f6ad\" data-element_type=\"widget\" data-e-type=\"widget\" data-widget_type=\"button.default\">\n\t\t\t\t<div class=\"elementor-widget-container\">\n\t\t\t\t\t\t\t\t\t<div class=\"elementor-button-wrapper\">\n\t\t\t\t\t<a class=\"elementor-button elementor-button-link elementor-size-sm\" href=\"https:\/\/editionsbarometre.fr\/index.php\/product\/le-ciel-de-lima\/\">\n\t\t\t\t\t\t<span class=\"elementor-button-content-wrapper\">\n\t\t\t\t\t\t\t\t\t<span class=\"elementor-button-text\">achat du livre<\/span>\n\t\t\t\t\t<\/span>\n\t\t\t\t\t<\/a>\n\t\t\t\t<\/div>\n\t\t\t\t\t\t\t\t<\/div>\n\t\t\t\t<\/div>\n\t\t\t\t\t<\/div>\n\t\t<\/div>\n\t\t\t\t<div class=\"elementor-column elementor-col-50 elementor-top-column elementor-element elementor-element-3b815baf\" data-id=\"3b815baf\" data-element_type=\"column\" data-e-type=\"column\">\n\t\t\t<div class=\"elementor-widget-wrap elementor-element-populated\">\n\t\t\t\t\t\t<div class=\"elementor-element elementor-element-1478b337 elementor-widget__width-initial animated-slow elementor-widget-tablet__width-initial elementor-widget-mobile__width-initial elementor-invisible elementor-widget elementor-widget-spacer\" data-id=\"1478b337\" data-element_type=\"widget\" data-e-type=\"widget\" data-settings=\"{&quot;motion_fx_motion_fx_scrolling&quot;:&quot;yes&quot;,&quot;motion_fx_translateY_effect&quot;:&quot;yes&quot;,&quot;motion_fx_translateY_affectedRange&quot;:{&quot;unit&quot;:&quot;%&quot;,&quot;size&quot;:&quot;&quot;,&quot;sizes&quot;:{&quot;start&quot;:&quot;0&quot;,&quot;end&quot;:&quot;66&quot;}},&quot;motion_fx_translateY_direction&quot;:&quot;negative&quot;,&quot;_animation&quot;:&quot;fadeInDown&quot;,&quot;motion_fx_devices&quot;:[&quot;desktop&quot;],&quot;motion_fx_translateY_speed&quot;:{&quot;unit&quot;:&quot;px&quot;,&quot;size&quot;:4,&quot;sizes&quot;:[]}}\" data-widget_type=\"spacer.default\">\n\t\t\t\t<div class=\"elementor-widget-container\">\n\t\t\t\t\t\t\t<div class=\"elementor-spacer\">\n\t\t\t<div class=\"elementor-spacer-inner\"><\/div>\n\t\t<\/div>\n\t\t\t\t\t\t<\/div>\n\t\t\t\t<\/div>\n\t\t\t\t<div class=\"elementor-element elementor-element-6900246d elementor-widget__width-initial animated-slow elementor-widget-tablet__width-initial elementor-widget-mobile__width-initial elementor-invisible elementor-widget elementor-widget-spacer\" data-id=\"6900246d\" data-element_type=\"widget\" data-e-type=\"widget\" data-settings=\"{&quot;_animation&quot;:&quot;fadeInUp&quot;}\" data-widget_type=\"spacer.default\">\n\t\t\t\t<div class=\"elementor-widget-container\">\n\t\t\t\t\t\t\t<div class=\"elementor-spacer\">\n\t\t\t<div class=\"elementor-spacer-inner\"><\/div>\n\t\t<\/div>\n\t\t\t\t\t\t<\/div>\n\t\t\t\t<\/div>\n\t\t\t\t\t<\/div>\n\t\t<\/div>\n\t\t\t\t\t<\/div>\n\t\t<\/section>\n\t\t\t\t<section class=\"elementor-section elementor-top-section elementor-element elementor-element-3ede91c6 elementor-section-boxed elementor-section-height-default elementor-section-height-default\" data-id=\"3ede91c6\" data-element_type=\"section\" data-e-type=\"section\">\n\t\t\t\t\t\t<div class=\"elementor-container elementor-column-gap-no\">\n\t\t\t\t\t<div class=\"elementor-column elementor-col-100 elementor-top-column elementor-element elementor-element-60b94dce\" data-id=\"60b94dce\" data-element_type=\"column\" data-e-type=\"column\" data-settings=\"{&quot;background_background&quot;:&quot;classic&quot;}\">\n\t\t\t<div class=\"elementor-widget-wrap elementor-element-populated\">\n\t\t\t\t\t\t<div class=\"elementor-element elementor-element-86be78f elementor-tabs-alignment-stretch elementor-tabs-view-horizontal elementor-widget elementor-widget-tabs\" data-id=\"86be78f\" data-element_type=\"widget\" data-e-type=\"widget\" data-widget_type=\"tabs.default\">\n\t\t\t\t<div class=\"elementor-widget-container\">\n\t\t\t\t\t\t\t<div class=\"elementor-tabs\">\n\t\t\t<div class=\"elementor-tabs-wrapper\" role=\"tablist\" >\n\t\t\t\t\t\t\t\t\t<div id=\"elementor-tab-title-1411\" class=\"elementor-tab-title elementor-tab-desktop-title\" aria-selected=\"true\" data-tab=\"1\" role=\"tab\" tabindex=\"0\" aria-controls=\"elementor-tab-content-1411\" aria-expanded=\"false\">Auteur<\/div>\n\t\t\t\t\t\t\t\t\t<div id=\"elementor-tab-title-1412\" class=\"elementor-tab-title elementor-tab-desktop-title\" aria-selected=\"false\" data-tab=\"2\" role=\"tab\" tabindex=\"-1\" aria-controls=\"elementor-tab-content-1412\" aria-expanded=\"false\">Traducteur<\/div>\n\t\t\t\t\t\t\t\t\t<div id=\"elementor-tab-title-1413\" class=\"elementor-tab-title elementor-tab-desktop-title\" aria-selected=\"false\" data-tab=\"3\" role=\"tab\" tabindex=\"-1\" aria-controls=\"elementor-tab-content-1413\" aria-expanded=\"false\">Contributions<\/div>\n\t\t\t\t\t\t\t\t\t<div id=\"elementor-tab-title-1414\" class=\"elementor-tab-title elementor-tab-desktop-title\" aria-selected=\"false\" data-tab=\"4\" role=\"tab\" tabindex=\"-1\" aria-controls=\"elementor-tab-content-1414\" aria-expanded=\"false\">caract\u00e9ristiques<\/div>\n\t\t\t\t\t\t\t\t\t<div id=\"elementor-tab-title-1415\" class=\"elementor-tab-title elementor-tab-desktop-title\" aria-selected=\"false\" data-tab=\"5\" role=\"tab\" tabindex=\"-1\" aria-controls=\"elementor-tab-content-1415\" aria-expanded=\"false\">Prix<\/div>\n\t\t\t\t\t\t\t<\/div>\n\t\t\t<div class=\"elementor-tabs-content-wrapper\" role=\"tablist\" aria-orientation=\"vertical\">\n\t\t\t\t\t\t\t\t\t<div class=\"elementor-tab-title elementor-tab-mobile-title\" aria-selected=\"true\" data-tab=\"1\" role=\"tab\" tabindex=\"0\" aria-controls=\"elementor-tab-content-1411\" aria-expanded=\"false\">Auteur<\/div>\n\t\t\t\t\t<div id=\"elementor-tab-content-1411\" class=\"elementor-tab-content elementor-clearfix\" data-tab=\"1\" role=\"tabpanel\" aria-labelledby=\"elementor-tab-title-1411\" tabindex=\"0\" hidden=\"false\"><h5 style=\"text-align: left;\">Juan G\u00f3mez B\u00e1rcena<\/h5><p>Publi\u00e9 en Espagne en 2014, <em>Le Ciel de Lima<\/em> est le premier ouvrage de Juan G\u00f3mez B\u00e1rcena traduit en fran\u00e7ais. N\u00e9 en 1984 \u00e0 Santander, il est l\u2019auteur d\u2019un recueil de nouvelles et de trois romans. L\u2019ann\u00e9e de sa parution en Espagne, Le Ciel de Lima a obtenu divers prix, dont le \u00ab\u00a0Premio Ojo Cr\u00edtico de Narrativa\u00a0\u00bb attribu\u00e9 par la Radio nationale espagnole, et a termin\u00e9 finaliste du prix du Festival du premier roman de Chamb\u00e9ry.<\/p><\/div>\n\t\t\t\t\t\t\t\t\t<div class=\"elementor-tab-title elementor-tab-mobile-title\" aria-selected=\"false\" data-tab=\"2\" role=\"tab\" tabindex=\"-1\" aria-controls=\"elementor-tab-content-1412\" aria-expanded=\"false\">Traducteur<\/div>\n\t\t\t\t\t<div id=\"elementor-tab-content-1412\" class=\"elementor-tab-content elementor-clearfix\" data-tab=\"2\" role=\"tabpanel\" aria-labelledby=\"elementor-tab-title-1412\" tabindex=\"0\" hidden=\"hidden\"><h5><strong>Thomas Evellin<\/strong><\/h5><p>Professeur agr\u00e9g\u00e9 d&rsquo;espagnol.<\/p><\/div>\n\t\t\t\t\t\t\t\t\t<div class=\"elementor-tab-title elementor-tab-mobile-title\" aria-selected=\"false\" data-tab=\"3\" role=\"tab\" tabindex=\"-1\" aria-controls=\"elementor-tab-content-1413\" aria-expanded=\"false\">Contributions<\/div>\n\t\t\t\t\t<div id=\"elementor-tab-content-1413\" class=\"elementor-tab-content elementor-clearfix\" data-tab=\"3\" role=\"tabpanel\" aria-labelledby=\"elementor-tab-title-1413\" tabindex=\"0\" hidden=\"hidden\"><h5>Cl\u00e9ment Laurentin\u00a0<\/h5><p>Graphisme de la couverture<\/p><h5>Caroline\u00a0 Kuhar<\/h5><p>Corrections<\/p><\/div>\n\t\t\t\t\t\t\t\t\t<div class=\"elementor-tab-title elementor-tab-mobile-title\" aria-selected=\"false\" data-tab=\"4\" role=\"tab\" tabindex=\"-1\" aria-controls=\"elementor-tab-content-1414\" aria-expanded=\"false\">caract\u00e9ristiques<\/div>\n\t\t\t\t\t<div id=\"elementor-tab-content-1414\" class=\"elementor-tab-content elementor-clearfix\" data-tab=\"4\" role=\"tabpanel\" aria-labelledby=\"elementor-tab-title-1414\" tabindex=\"0\" hidden=\"hidden\"><p><strong>Nombre de pages<\/strong> : 336<\/p><p><strong>Format<\/strong> : 19,5 x 12,7 cm<\/p><p><strong>Parution<\/strong> : ao\u00fbt 2020<\/p><p><strong>ISBN<\/strong> : 978-2-9573915-0-9<\/p><\/div>\n\t\t\t\t\t\t\t\t\t<div class=\"elementor-tab-title elementor-tab-mobile-title\" aria-selected=\"false\" data-tab=\"5\" role=\"tab\" tabindex=\"-1\" aria-controls=\"elementor-tab-content-1415\" aria-expanded=\"false\">Prix<\/div>\n\t\t\t\t\t<div id=\"elementor-tab-content-1415\" class=\"elementor-tab-content elementor-clearfix\" data-tab=\"5\" role=\"tabpanel\" aria-labelledby=\"elementor-tab-title-1415\" tabindex=\"0\" hidden=\"hidden\"><p><strong>Prix<\/strong> : 17 \u20ac<\/p><\/div>\n\t\t\t\t\t\t\t<\/div>\n\t\t<\/div>\n\t\t\t\t\t\t<\/div>\n\t\t\t\t<\/div>\n\t\t\t\t\t<\/div>\n\t\t<\/div>\n\t\t\t\t\t<\/div>\n\t\t<\/section>\n\t\t\t\t<section class=\"elementor-section elementor-top-section elementor-element elementor-element-743e1e9 elementor-section-boxed elementor-section-height-default elementor-section-height-default\" data-id=\"743e1e9\" data-element_type=\"section\" data-e-type=\"section\" data-settings=\"{&quot;background_background&quot;:&quot;classic&quot;}\">\n\t\t\t\t\t\t<div class=\"elementor-container elementor-column-gap-no\">\n\t\t\t\t\t<div class=\"elementor-column elementor-col-100 elementor-top-column elementor-element elementor-element-36f558b7\" data-id=\"36f558b7\" data-element_type=\"column\" data-e-type=\"column\">\n\t\t\t<div class=\"elementor-widget-wrap elementor-element-populated\">\n\t\t\t\t\t\t<div class=\"elementor-element elementor-element-e56d6f2 elementor-widget elementor-widget-heading\" data-id=\"e56d6f2\" data-element_type=\"widget\" data-e-type=\"widget\" data-widget_type=\"heading.default\">\n\t\t\t\t<div class=\"elementor-widget-container\">\n\t\t\t\t\t<h2 class=\"elementor-heading-title elementor-size-default\">\nle Ciel de Lima dans les m\u00e9dias et la blogosph\u00e8re<\/h2>\t\t\t\t<\/div>\n\t\t\t\t<\/div>\n\t\t\t\t<div class=\"elementor-element elementor-element-295cee7 elementor-widget elementor-widget-accordion\" data-id=\"295cee7\" data-element_type=\"widget\" data-e-type=\"widget\" data-widget_type=\"accordion.default\">\n\t\t\t\t<div class=\"elementor-widget-container\">\n\t\t\t\t\t\t\t<div class=\"elementor-accordion\">\n\t\t\t\t\t\t\t<div class=\"elementor-accordion-item\">\n\t\t\t\t\t<div id=\"elementor-tab-title-4331\" class=\"elementor-tab-title\" data-tab=\"1\" role=\"button\" aria-controls=\"elementor-tab-content-4331\" aria-expanded=\"false\">\n\t\t\t\t\t\t\t\t\t\t\t\t\t<span class=\"elementor-accordion-icon elementor-accordion-icon-left\" aria-hidden=\"true\">\n\t\t\t\t\t\t\t\t\t\t\t\t\t\t\t<span class=\"elementor-accordion-icon-closed\"><i class=\"fas fa-plus\"><\/i><\/span>\n\t\t\t\t\t\t\t\t<span class=\"elementor-accordion-icon-opened\"><i class=\"fas fa-minus\"><\/i><\/span>\n\t\t\t\t\t\t\t\t\t\t\t\t\t\t<\/span>\n\t\t\t\t\t\t\t\t\t\t\t\t<a class=\"elementor-accordion-title\" tabindex=\"0\">Voyages au fil des pages<\/a>\n\t\t\t\t\t<\/div>\n\t\t\t\t\t<div id=\"elementor-tab-content-4331\" class=\"elementor-tab-content elementor-clearfix\" data-tab=\"1\" role=\"region\" aria-labelledby=\"elementor-tab-title-4331\"><blockquote><p>\u00a0<\/p><p><em>Sur fond de gr\u00e8ves et r\u00e9voltes ouvri\u00e8res et de r\u00e9pressions polici\u00e8res brutales, <strong>\u00ab Le ciel de Lima \u00bb brosse le portrait subtil et ironique d\u2019une \u00e9poque, d\u2019une ville et de sa classe sup\u00e9rieure<\/strong>, certaine de conserver ses privil\u00e8ges quoi qu\u2019il advienne.<\/em><\/p><\/blockquote><p><a href=\"https:\/\/voyagesaufildespages.be\/le-ciel-de-lima\/\" target=\"_blank\" rel=\"noopener\"><strong>Sylvie \u2014 Voyages au fil des pages<\/strong><\/a><\/p><\/div>\n\t\t\t\t<\/div>\n\t\t\t\t\t\t\t<div class=\"elementor-accordion-item\">\n\t\t\t\t\t<div id=\"elementor-tab-title-4332\" class=\"elementor-tab-title\" data-tab=\"2\" role=\"button\" aria-controls=\"elementor-tab-content-4332\" aria-expanded=\"false\">\n\t\t\t\t\t\t\t\t\t\t\t\t\t<span class=\"elementor-accordion-icon elementor-accordion-icon-left\" aria-hidden=\"true\">\n\t\t\t\t\t\t\t\t\t\t\t\t\t\t\t<span class=\"elementor-accordion-icon-closed\"><i class=\"fas fa-plus\"><\/i><\/span>\n\t\t\t\t\t\t\t\t<span class=\"elementor-accordion-icon-opened\"><i class=\"fas fa-minus\"><\/i><\/span>\n\t\t\t\t\t\t\t\t\t\t\t\t\t\t<\/span>\n\t\t\t\t\t\t\t\t\t\t\t\t<a class=\"elementor-accordion-title\" tabindex=\"0\">Lyvres<\/a>\n\t\t\t\t\t<\/div>\n\t\t\t\t\t<div id=\"elementor-tab-content-4332\" class=\"elementor-tab-content elementor-clearfix\" data-tab=\"2\" role=\"region\" aria-labelledby=\"elementor-tab-title-4332\"><blockquote><p>\u00a0<\/p><p><em>Juan G\u00f3mez B\u00e1rcena intervient assez souvent en tant qu&rsquo;auteur pour parler de cr\u00e9ation litt\u00e9raire, pour faire un saut dans le temps et pr\u00e9voir ce que pourraient devenir ses personnages, pour faire un pas de c\u00f4t\u00e9 dans son roman, nous sortir de son histoire, <strong>nous montrer qu&rsquo;elle n&rsquo;est que fiction mais que la fiction pourrait \u00eatre r\u00e9alit\u00e9&#8230;<\/strong><\/em><\/p><\/blockquote><p><strong><a href=\"https:\/\/www.lyvres.fr\/2022\/10\/le-ciel-de-lima.html\" target=\"_blank\" rel=\"noopener\">Yv \u2014 Lyvres<\/a><\/strong><\/p><\/div>\n\t\t\t\t<\/div>\n\t\t\t\t\t\t\t<div class=\"elementor-accordion-item\">\n\t\t\t\t\t<div id=\"elementor-tab-title-4333\" class=\"elementor-tab-title\" data-tab=\"3\" role=\"button\" aria-controls=\"elementor-tab-content-4333\" aria-expanded=\"false\">\n\t\t\t\t\t\t\t\t\t\t\t\t\t<span class=\"elementor-accordion-icon elementor-accordion-icon-left\" aria-hidden=\"true\">\n\t\t\t\t\t\t\t\t\t\t\t\t\t\t\t<span class=\"elementor-accordion-icon-closed\"><i class=\"fas fa-plus\"><\/i><\/span>\n\t\t\t\t\t\t\t\t<span class=\"elementor-accordion-icon-opened\"><i class=\"fas fa-minus\"><\/i><\/span>\n\t\t\t\t\t\t\t\t\t\t\t\t\t\t<\/span>\n\t\t\t\t\t\t\t\t\t\t\t\t<a class=\"elementor-accordion-title\" tabindex=\"0\">America Nostra<\/a>\n\t\t\t\t\t<\/div>\n\t\t\t\t\t<div id=\"elementor-tab-content-4333\" class=\"elementor-tab-content elementor-clearfix\" data-tab=\"3\" role=\"region\" aria-labelledby=\"elementor-tab-title-4333\"><blockquote><p>\u00a0<\/p><p><em>La lecture de ce roman est un r\u00e9gal pour un lecteur joueur qui est aussi amen\u00e9 <strong>\u00e0 d\u00e9couvrir une r\u00e9alit\u00e9 sociale, celle des dockers du Callao<\/strong>, le port de Lima, sous pay\u00e9s dont la gr\u00e8ve ne d\u00e9bouche sur rien, <strong>\u00e0 partager le sort peu enviable des jeunes prostitu\u00e9es<\/strong> vendues \u00e0 une classe dominante qui ne veut pas voir ni savoir, \u00e0 se plonger dans la vie quotidienne d\u2019une capitale latino-am\u00e9ricaine du d\u00e9but du XX<sup>\u00e8me<\/sup><\/em><\/p><\/blockquote><p><a href=\"https:\/\/americanostra.wordpress.com\/2021\/09\/20\/juan-gomez-barcena\/\" target=\"_blank\" rel=\"noopener\"><strong>Christian Roinat \u2014 America Nostra<\/strong><\/a><\/p><\/div>\n\t\t\t\t<\/div>\n\t\t\t\t\t\t\t<div class=\"elementor-accordion-item\">\n\t\t\t\t\t<div id=\"elementor-tab-title-4334\" class=\"elementor-tab-title\" data-tab=\"4\" role=\"button\" aria-controls=\"elementor-tab-content-4334\" aria-expanded=\"false\">\n\t\t\t\t\t\t\t\t\t\t\t\t\t<span class=\"elementor-accordion-icon elementor-accordion-icon-left\" aria-hidden=\"true\">\n\t\t\t\t\t\t\t\t\t\t\t\t\t\t\t<span class=\"elementor-accordion-icon-closed\"><i class=\"fas fa-plus\"><\/i><\/span>\n\t\t\t\t\t\t\t\t<span class=\"elementor-accordion-icon-opened\"><i class=\"fas fa-minus\"><\/i><\/span>\n\t\t\t\t\t\t\t\t\t\t\t\t\t\t<\/span>\n\t\t\t\t\t\t\t\t\t\t\t\t<a class=\"elementor-accordion-title\" tabindex=\"0\">Les lectures de Cannetille<\/a>\n\t\t\t\t\t<\/div>\n\t\t\t\t\t<div id=\"elementor-tab-content-4334\" class=\"elementor-tab-content elementor-clearfix\" data-tab=\"4\" role=\"region\" aria-labelledby=\"elementor-tab-title-4334\"><p><em>Le r\u00e9sultat est un petit bijou de fantaisie et d\u2019humour que Juan G\u00f3mez B\u00e1rcena nous cis\u00e8le avec un plaisir perceptible, <strong>entre fresque historique et com\u00e9die p\u00e9tillante<\/strong>, intelligemment trouss\u00e9e sur le th\u00e8me de l\u2019inspiration et de la cr\u00e9ation romanesque.<\/em><\/p><p><a href=\"https:\/\/leslecturesdecannetille.blogspot.com\/2021\/11\/gomez-barcena-juan-le-ciel-de-lima.html\" target=\"_blank\" rel=\"noopener\"><strong>Cannetille \u2014 Les lectures de Cannetille<\/strong><\/a><\/p><\/div>\n\t\t\t\t<\/div>\n\t\t\t\t\t\t\t\t<\/div>\n\t\t\t\t\t\t<\/div>\n\t\t\t\t<\/div>\n\t\t\t\t\t<\/div>\n\t\t<\/div>\n\t\t\t\t\t<\/div>\n\t\t<\/section>\n\t\t\t\t<section class=\"elementor-section elementor-top-section elementor-element elementor-element-730f372 elementor-section-boxed elementor-section-height-default elementor-section-height-default\" data-id=\"730f372\" data-element_type=\"section\" data-e-type=\"section\">\n\t\t\t\t\t\t<div class=\"elementor-container elementor-column-gap-default\">\n\t\t\t\t\t<div class=\"elementor-column elementor-col-100 elementor-top-column elementor-element elementor-element-0af3f95\" data-id=\"0af3f95\" data-element_type=\"column\" data-e-type=\"column\">\n\t\t\t<div class=\"elementor-widget-wrap elementor-element-populated\">\n\t\t\t\t\t\t<div class=\"elementor-element elementor-element-27aca42 elementor-widget elementor-widget-spacer\" data-id=\"27aca42\" data-element_type=\"widget\" data-e-type=\"widget\" data-widget_type=\"spacer.default\">\n\t\t\t\t<div class=\"elementor-widget-container\">\n\t\t\t\t\t\t\t<div class=\"elementor-spacer\">\n\t\t\t<div class=\"elementor-spacer-inner\"><\/div>\n\t\t<\/div>\n\t\t\t\t\t\t<\/div>\n\t\t\t\t<\/div>\n\t\t\t\t\t<\/div>\n\t\t<\/div>\n\t\t\t\t\t<\/div>\n\t\t<\/section>\n\t\t\t\t<section class=\"elementor-section elementor-top-section elementor-element elementor-element-160533e elementor-section-boxed elementor-section-height-default elementor-section-height-default\" data-id=\"160533e\" data-element_type=\"section\" data-e-type=\"section\">\n\t\t\t\t\t\t<div class=\"elementor-container elementor-column-gap-default\">\n\t\t\t\t\t<div class=\"elementor-column elementor-col-33 elementor-top-column elementor-element elementor-element-1b67005\" data-id=\"1b67005\" data-element_type=\"column\" data-e-type=\"column\" data-settings=\"{&quot;background_background&quot;:&quot;classic&quot;}\">\n\t\t\t<div class=\"elementor-widget-wrap elementor-element-populated\">\n\t\t\t\t\t\t<div class=\"elementor-element elementor-element-0af1c6d elementor-view-default elementor-position-block-start elementor-mobile-position-block-start elementor-widget elementor-widget-icon-box\" data-id=\"0af1c6d\" data-element_type=\"widget\" data-e-type=\"widget\" data-settings=\"{&quot;sticky&quot;:&quot;top&quot;,&quot;sticky_parent&quot;:&quot;yes&quot;,&quot;sticky_on&quot;:[&quot;desktop&quot;,&quot;tablet&quot;,&quot;mobile&quot;],&quot;sticky_offset&quot;:0,&quot;sticky_effects_offset&quot;:0,&quot;sticky_anchor_link_offset&quot;:0}\" data-widget_type=\"icon-box.default\">\n\t\t\t\t<div class=\"elementor-widget-container\">\n\t\t\t\t\t\t\t<div class=\"elementor-icon-box-wrapper\">\n\n\t\t\t\t\t\t<div class=\"elementor-icon-box-icon\">\n\t\t\t\t<span  class=\"elementor-icon\">\n\t\t\t\t<i aria-hidden=\"true\" class=\"fas fa-book-reader\"><\/i>\t\t\t\t<\/span>\n\t\t\t<\/div>\n\t\t\t\n\t\t\t\t\t\t<div class=\"elementor-icon-box-content\">\n\n\t\t\t\t\t\t\t\t\t<h3 class=\"elementor-icon-box-title\">\n\t\t\t\t\t\t<span  >\n\t\t\t\t\t\t\tPour aller plus loin sur le ciel de lima\t\t\t\t\t\t<\/span>\n\t\t\t\t\t<\/h3>\n\t\t\t\t\n\t\t\t\t\t\t\t\t\t<p class=\"elementor-icon-box-description\">\n\t\t\t\t\t\tLe Ciel de Lima \u00e9voque des sujets ou des personnalit\u00e9s qui \u00e9veillent peut-\u00eatre votre curiosit\u00e9. Pour la combler, ce blog vous propose portrait et conseils de lecture. \nBonne exploration !\t\t\t\t\t<\/p>\n\t\t\t\t\n\t\t\t<\/div>\n\t\t\t\n\t\t<\/div>\n\t\t\t\t\t\t<\/div>\n\t\t\t\t<\/div>\n\t\t\t\t\t<\/div>\n\t\t<\/div>\n\t\t\t\t<div class=\"elementor-column elementor-col-66 elementor-top-column elementor-element elementor-element-9b889d1\" data-id=\"9b889d1\" data-element_type=\"column\" data-e-type=\"column\">\n\t\t\t<div class=\"elementor-widget-wrap elementor-element-populated\">\n\t\t\t\t\t\t<div class=\"elementor-element elementor-element-2654fdc elementor-widget elementor-widget-heading\" data-id=\"2654fdc\" data-element_type=\"widget\" data-e-type=\"widget\" data-widget_type=\"heading.default\">\n\t\t\t\t<div class=\"elementor-widget-container\">\n\t\t\t\t\t<h2 class=\"elementor-heading-title elementor-size-default\">Juan Ram\u00f3n Jim\u00e9nez <\/h2>\t\t\t\t<\/div>\n\t\t\t\t<\/div>\n\t\t\t\t<div class=\"elementor-element elementor-element-a58d02d elementor-widget elementor-widget-text-editor\" data-id=\"a58d02d\" data-element_type=\"widget\" data-e-type=\"widget\" data-widget_type=\"text-editor.default\">\n\t\t\t\t<div class=\"elementor-widget-container\">\n\t\t\t\t\t\t\t\t\t<p>C\u2019est \u00e0 partir d\u2019une anecdote survenue \u00e0 Juan Ram\u00f3n Jim\u00e9nez que Juan G\u00f3mez B\u00e1rcena a construit son roman, <em>Le Ciel de Lima<\/em>. Le po\u00e8te espagnol est alors dans sa pleine jeunesse et est d\u2019un caract\u00e8re passionn\u00e9. Ce n\u2019est qu\u2019un pan de son histoire et de sa personnalit\u00e9. Qui est Juan Ram\u00f3n Jim\u00e9nez\u2009? Comment s\u2019est-il impos\u00e9 dans le domaine de la po\u00e9sie jusqu\u2019\u00e0 obtenir le prix de Nobel de litt\u00e9rature en 1956. Voici son portrait dans notre blog.<\/p><p><a href=\"https:\/\/editionsbarometre.fr\/index.php\/blog\/juan-ramon-jimenez\/\">Biographie du po\u00e8te Juan Ram\u00f3n Jim\u00e9nez<\/a><\/p>\t\t\t\t\t\t\t\t<\/div>\n\t\t\t\t<\/div>\n\t\t\t\t<div class=\"elementor-element elementor-element-e5bf735 elementor-widget elementor-widget-heading\" data-id=\"e5bf735\" data-element_type=\"widget\" data-e-type=\"widget\" data-widget_type=\"heading.default\">\n\t\t\t\t<div class=\"elementor-widget-container\">\n\t\t\t\t\t<h2 class=\"elementor-heading-title elementor-size-default\">La fi\u00e8vre du caoutchouc<\/h2>\t\t\t\t<\/div>\n\t\t\t\t<\/div>\n\t\t\t\t<div class=\"elementor-element elementor-element-7acc6eb elementor-widget elementor-widget-text-editor\" data-id=\"7acc6eb\" data-element_type=\"widget\" data-e-type=\"widget\" data-widget_type=\"text-editor.default\">\n\t\t\t\t<div class=\"elementor-widget-container\">\n\t\t\t\t\t\t\t\t\t<p>Le p\u00e8re de Carlos Rodr\u00edguez, l\u2019un des protagonistes du <em>Ciel de Lima<\/em>, a fait fortune gr\u00e2ce au latex. On \u00e9tait alors en pleine fi\u00e8vre du caoutchouc qui a dur\u00e9 quelques d\u00e9cennies, de la fin du XIXe au d\u00e9but du XXe\u00a0si\u00e8cle. Dans tout le bassin amazonien, les exportations de ce produit ont engendr\u00e9 d\u2019\u00e9normes profits. Certains se sont enrichis. Beaucoup y ont laiss\u00e9 leur sant\u00e9 et leur vie.<\/p><p>Vous trouverez sur notre blog un article sur cette ru\u00e9e vers le caoutchouc ainsi qu\u2019une pr\u00e9sentation de trois livres qui traitent de ce sujet.<\/p><p><a href=\"https:\/\/editionsbarometre.fr\/index.php\/blog\/un-regard-litteraire-sur-la-fievre-du-caoutchouc\/\">Un regard litt\u00e9raire sur la fi\u00e8vre du caoutchouc<\/a><\/p>\t\t\t\t\t\t\t\t<\/div>\n\t\t\t\t<\/div>\n\t\t\t\t\t<\/div>\n\t\t<\/div>\n\t\t\t\t\t<\/div>\n\t\t<\/section>\n\t\t\t\t<section class=\"elementor-section elementor-top-section elementor-element elementor-element-9b5f9bb elementor-section-boxed elementor-section-height-default elementor-section-height-default\" data-id=\"9b5f9bb\" data-element_type=\"section\" data-e-type=\"section\">\n\t\t\t\t\t\t<div class=\"elementor-container elementor-column-gap-default\">\n\t\t\t\t\t<div class=\"elementor-column elementor-col-100 elementor-top-column elementor-element elementor-element-522809d\" data-id=\"522809d\" data-element_type=\"column\" data-e-type=\"column\">\n\t\t\t<div class=\"elementor-widget-wrap elementor-element-populated\">\n\t\t\t\t\t\t<div class=\"elementor-element elementor-element-564a215 elementor-widget elementor-widget-spacer\" data-id=\"564a215\" data-element_type=\"widget\" data-e-type=\"widget\" data-widget_type=\"spacer.default\">\n\t\t\t\t<div class=\"elementor-widget-container\">\n\t\t\t\t\t\t\t<div class=\"elementor-spacer\">\n\t\t\t<div class=\"elementor-spacer-inner\"><\/div>\n\t\t<\/div>\n\t\t\t\t\t\t<\/div>\n\t\t\t\t<\/div>\n\t\t\t\t\t<\/div>\n\t\t<\/div>\n\t\t\t\t\t<\/div>\n\t\t<\/section>\n\t\t\t\t<\/div>\n\t\t","protected":false},"excerpt":{"rendered":"<p>Le Ciel de Lima JUAN G\u00d3MEZ B\u00c1RCENA L&rsquo;histoire d&rsquo;une supercherie litt\u00e9raire Ce roman espagnol est construit sur la base d\u2019une anecdote originale survenue au po\u00e8te Juan Ram\u00f3n Jim\u00e9nez, prix Nobel de Litt\u00e9rature en 1956. Une intrigue qui se d\u00e9roule sur fond de crise sociale au P\u00e9rou. La supercherie comme fil rouge du roman Lima, 1904. [&hellip;]<\/p>\n","protected":false},"author":2,"featured_media":0,"parent":0,"menu_order":0,"comment_status":"closed","ping_status":"closed","template":"elementor_header_footer","meta":{"footnotes":""},"class_list":["post-3626","page","type-page","status-publish","hentry"],"yoast_head":"<!-- This site is optimized with the Yoast SEO plugin v27.5 - https:\/\/yoast.com\/product\/yoast-seo-wordpress\/ -->\n<title>Mod\u00e8le Pr\u00e9sentation livre - Editions Barom\u00e8tre<\/title>\n<meta name=\"robots\" content=\"index, follow, max-snippet:-1, max-image-preview:large, max-video-preview:-1\" \/>\n<link rel=\"canonical\" href=\"https:\/\/editionsbarometre.fr\/index.php\/trek\/\" \/>\n<meta property=\"og:locale\" content=\"fr_FR\" \/>\n<meta property=\"og:type\" content=\"article\" \/>\n<meta property=\"og:title\" content=\"Mod\u00e8le Pr\u00e9sentation livre - Editions Barom\u00e8tre\" \/>\n<meta property=\"og:description\" content=\"Le Ciel de Lima JUAN G\u00d3MEZ B\u00c1RCENA L&rsquo;histoire d&rsquo;une supercherie litt\u00e9raire Ce roman espagnol est construit sur la base d\u2019une anecdote originale survenue au po\u00e8te Juan Ram\u00f3n Jim\u00e9nez, prix Nobel de Litt\u00e9rature en 1956. Une intrigue qui se d\u00e9roule sur fond de crise sociale au P\u00e9rou. La supercherie comme fil rouge du roman Lima, 1904. [&hellip;]\" \/>\n<meta property=\"og:url\" content=\"https:\/\/editionsbarometre.fr\/index.php\/trek\/\" \/>\n<meta property=\"og:site_name\" content=\"Editions Barom\u00e8tre\" \/>\n<meta property=\"article:modified_time\" content=\"2025-04-04T18:07:01+00:00\" \/>\n<meta name=\"twitter:card\" content=\"summary_large_image\" \/>\n<meta name=\"twitter:label1\" content=\"Dur\u00e9e de lecture estim\u00e9e\" \/>\n\t<meta name=\"twitter:data1\" content=\"4 minutes\" \/>\n<script type=\"application\/ld+json\" class=\"yoast-schema-graph\">{\"@context\":\"https:\\\/\\\/schema.org\",\"@graph\":[{\"@type\":\"WebPage\",\"@id\":\"https:\\\/\\\/editionsbarometre.fr\\\/index.php\\\/trek\\\/\",\"url\":\"https:\\\/\\\/editionsbarometre.fr\\\/index.php\\\/trek\\\/\",\"name\":\"Mod\u00e8le Pr\u00e9sentation livre - Editions Barom\u00e8tre\",\"isPartOf\":{\"@id\":\"https:\\\/\\\/editionsbarometre.fr\\\/#website\"},\"datePublished\":\"2025-03-22T11:09:58+00:00\",\"dateModified\":\"2025-04-04T18:07:01+00:00\",\"breadcrumb\":{\"@id\":\"https:\\\/\\\/editionsbarometre.fr\\\/index.php\\\/trek\\\/#breadcrumb\"},\"inLanguage\":\"fr-FR\",\"potentialAction\":[{\"@type\":\"ReadAction\",\"target\":[\"https:\\\/\\\/editionsbarometre.fr\\\/index.php\\\/trek\\\/\"]}]},{\"@type\":\"BreadcrumbList\",\"@id\":\"https:\\\/\\\/editionsbarometre.fr\\\/index.php\\\/trek\\\/#breadcrumb\",\"itemListElement\":[{\"@type\":\"ListItem\",\"position\":1,\"name\":\"Accueil\",\"item\":\"https:\\\/\\\/editionsbarometre.fr\\\/\"},{\"@type\":\"ListItem\",\"position\":2,\"name\":\"Mod\u00e8le Pr\u00e9sentation livre\"}]},{\"@type\":\"WebSite\",\"@id\":\"https:\\\/\\\/editionsbarometre.fr\\\/#website\",\"url\":\"https:\\\/\\\/editionsbarometre.fr\\\/\",\"name\":\"Editions Barom\u00e8tre\",\"description\":\"\",\"publisher\":{\"@id\":\"https:\\\/\\\/editionsbarometre.fr\\\/#organization\"},\"potentialAction\":[{\"@type\":\"SearchAction\",\"target\":{\"@type\":\"EntryPoint\",\"urlTemplate\":\"https:\\\/\\\/editionsbarometre.fr\\\/?s={search_term_string}\"},\"query-input\":{\"@type\":\"PropertyValueSpecification\",\"valueRequired\":true,\"valueName\":\"search_term_string\"}}],\"inLanguage\":\"fr-FR\"},{\"@type\":\"Organization\",\"@id\":\"https:\\\/\\\/editionsbarometre.fr\\\/#organization\",\"name\":\"Editions Barom\u00e8tre\",\"url\":\"https:\\\/\\\/editionsbarometre.fr\\\/\",\"logo\":{\"@type\":\"ImageObject\",\"inLanguage\":\"fr-FR\",\"@id\":\"https:\\\/\\\/editionsbarometre.fr\\\/#\\\/schema\\\/logo\\\/image\\\/\",\"url\":\"https:\\\/\\\/editionsbarometre.fr\\\/wp-content\\\/uploads\\\/2022\\\/03\\\/barometre-new-02.png\",\"contentUrl\":\"https:\\\/\\\/editionsbarometre.fr\\\/wp-content\\\/uploads\\\/2022\\\/03\\\/barometre-new-02.png\",\"width\":4167,\"height\":4167,\"caption\":\"Editions Barom\u00e8tre\"},\"image\":{\"@id\":\"https:\\\/\\\/editionsbarometre.fr\\\/#\\\/schema\\\/logo\\\/image\\\/\"}}]}<\/script>\n<!-- \/ Yoast SEO plugin. -->","yoast_head_json":{"title":"Mod\u00e8le Pr\u00e9sentation livre - Editions Barom\u00e8tre","robots":{"index":"index","follow":"follow","max-snippet":"max-snippet:-1","max-image-preview":"max-image-preview:large","max-video-preview":"max-video-preview:-1"},"canonical":"https:\/\/editionsbarometre.fr\/index.php\/trek\/","og_locale":"fr_FR","og_type":"article","og_title":"Mod\u00e8le Pr\u00e9sentation livre - Editions Barom\u00e8tre","og_description":"Le Ciel de Lima JUAN G\u00d3MEZ B\u00c1RCENA L&rsquo;histoire d&rsquo;une supercherie litt\u00e9raire Ce roman espagnol est construit sur la base d\u2019une anecdote originale survenue au po\u00e8te Juan Ram\u00f3n Jim\u00e9nez, prix Nobel de Litt\u00e9rature en 1956. Une intrigue qui se d\u00e9roule sur fond de crise sociale au P\u00e9rou. La supercherie comme fil rouge du roman Lima, 1904. [&hellip;]","og_url":"https:\/\/editionsbarometre.fr\/index.php\/trek\/","og_site_name":"Editions Barom\u00e8tre","article_modified_time":"2025-04-04T18:07:01+00:00","twitter_card":"summary_large_image","twitter_misc":{"Dur\u00e9e de lecture estim\u00e9e":"4 minutes"},"schema":{"@context":"https:\/\/schema.org","@graph":[{"@type":"WebPage","@id":"https:\/\/editionsbarometre.fr\/index.php\/trek\/","url":"https:\/\/editionsbarometre.fr\/index.php\/trek\/","name":"Mod\u00e8le Pr\u00e9sentation livre - Editions Barom\u00e8tre","isPartOf":{"@id":"https:\/\/editionsbarometre.fr\/#website"},"datePublished":"2025-03-22T11:09:58+00:00","dateModified":"2025-04-04T18:07:01+00:00","breadcrumb":{"@id":"https:\/\/editionsbarometre.fr\/index.php\/trek\/#breadcrumb"},"inLanguage":"fr-FR","potentialAction":[{"@type":"ReadAction","target":["https:\/\/editionsbarometre.fr\/index.php\/trek\/"]}]},{"@type":"BreadcrumbList","@id":"https:\/\/editionsbarometre.fr\/index.php\/trek\/#breadcrumb","itemListElement":[{"@type":"ListItem","position":1,"name":"Accueil","item":"https:\/\/editionsbarometre.fr\/"},{"@type":"ListItem","position":2,"name":"Mod\u00e8le Pr\u00e9sentation livre"}]},{"@type":"WebSite","@id":"https:\/\/editionsbarometre.fr\/#website","url":"https:\/\/editionsbarometre.fr\/","name":"Editions Barom\u00e8tre","description":"","publisher":{"@id":"https:\/\/editionsbarometre.fr\/#organization"},"potentialAction":[{"@type":"SearchAction","target":{"@type":"EntryPoint","urlTemplate":"https:\/\/editionsbarometre.fr\/?s={search_term_string}"},"query-input":{"@type":"PropertyValueSpecification","valueRequired":true,"valueName":"search_term_string"}}],"inLanguage":"fr-FR"},{"@type":"Organization","@id":"https:\/\/editionsbarometre.fr\/#organization","name":"Editions Barom\u00e8tre","url":"https:\/\/editionsbarometre.fr\/","logo":{"@type":"ImageObject","inLanguage":"fr-FR","@id":"https:\/\/editionsbarometre.fr\/#\/schema\/logo\/image\/","url":"https:\/\/editionsbarometre.fr\/wp-content\/uploads\/2022\/03\/barometre-new-02.png","contentUrl":"https:\/\/editionsbarometre.fr\/wp-content\/uploads\/2022\/03\/barometre-new-02.png","width":4167,"height":4167,"caption":"Editions Barom\u00e8tre"},"image":{"@id":"https:\/\/editionsbarometre.fr\/#\/schema\/logo\/image\/"}}]}},"jetpack_sharing_enabled":true,"_links":{"self":[{"href":"https:\/\/editionsbarometre.fr\/index.php\/wp-json\/wp\/v2\/pages\/3626","targetHints":{"allow":["GET"]}}],"collection":[{"href":"https:\/\/editionsbarometre.fr\/index.php\/wp-json\/wp\/v2\/pages"}],"about":[{"href":"https:\/\/editionsbarometre.fr\/index.php\/wp-json\/wp\/v2\/types\/page"}],"author":[{"embeddable":true,"href":"https:\/\/editionsbarometre.fr\/index.php\/wp-json\/wp\/v2\/users\/2"}],"replies":[{"embeddable":true,"href":"https:\/\/editionsbarometre.fr\/index.php\/wp-json\/wp\/v2\/comments?post=3626"}],"version-history":[{"count":55,"href":"https:\/\/editionsbarometre.fr\/index.php\/wp-json\/wp\/v2\/pages\/3626\/revisions"}],"predecessor-version":[{"id":3983,"href":"https:\/\/editionsbarometre.fr\/index.php\/wp-json\/wp\/v2\/pages\/3626\/revisions\/3983"}],"wp:attachment":[{"href":"https:\/\/editionsbarometre.fr\/index.php\/wp-json\/wp\/v2\/media?parent=3626"}],"curies":[{"name":"wp","href":"https:\/\/api.w.org\/{rel}","templated":true}]}}